{"id":77,"date":"2015-01-13T22:59:52","date_gmt":"2015-01-13T21:59:52","guid":{"rendered":"http:\/\/www.emaa.de\/?page_id=77"},"modified":"2015-07-30T17:40:05","modified_gmt":"2015-07-30T16:40:05","slug":"oesterreich-boeb","status":"publish","type":"page","link":"https:\/\/emaa.de\/?page_id=77","title":{"rendered":"\u00d6sterreich &#8211; B\u00d6B"},"content":{"rendered":"<h2>Bundesverband der \u00f6sterreichischen Bilanzbuchhalter<\/h2>\n<p><strong>Der \u00f6sterreichische Bundesverband der Bilanzbuchhalter wurde im Jahre 1989 gegr\u00fcndet. Ordentliche Mitglieder sind \u00fcber 5600 der einzelnen Bundesl\u00e4nderklubs und ca. 1700 au\u00dferordentliche Mitglieder.<\/strong><\/p>\n<h2>Berufsaussichten f\u00fcr Bilanzbuchhalter<\/h2>\n<p>Die gute Verwertbarkeit des breiten Fachwissens der Bilanzbuchhalter, auf Basis von fundierter Theorie und umfangreicher Praxis, machen sie zu gesuchten Fach- und F\u00fchrungskr\u00e4ften. Ihre vielseitige Einsatzm\u00f6glichkeit und die hohe fachliche Kompetenz werden am Arbeitsplatz gesch\u00e4tzt und honoriert.<\/p>\n<p>N\u00e4here Informationen erhalten Sie \u00fcber die Homepage des B\u00d6B<\/p>\n<p>(<a href=\"http:\/\/www.boeb.at\/\" target=\"_blank\">www.boeb.at<\/a>)<\/p>\n<p>&nbsp;<\/p>\n<h2><\/h2>\n<h2>Berufsbilder 2011<\/h2>\n<p>\u00d6sterreich hat f\u00fcr die \u00f6sterreichischen selbst\u00e4ndigen Buchhaltungsberufe aktuelle Berufsbilder in Kraft gesetzt:<\/p>\n<p>Das Berufsbild f\u00fcr Bilanzbuchhalter ist abrufbar unter <a href=\"http:\/\/www.wko.at\/ubit\/bibug\/Berufsbild%20BBH_2011.pdf\" target=\"_blank\">http:\/\/www.wko.at\/ubit\/bibug\/Berufsbild%20BBH_2011.pdf<\/a><\/p>\n<p>Das Berufsbild f\u00fcr Buchhalter ist abrufbar unter <a href=\"http:\/\/www.wko.at\/ubit\/bibug\/Berufsbild%20BH_2011.pdf\" target=\"_blank\">http:\/\/www.wko.at\/ubit\/bibug\/Berufsbild%20BH_2011.pdf<\/a><\/p>\n<p>Das Berufsbild f\u00fcr Personalverrechner ist abrufbar unter <a href=\"http:\/\/www.wko.at\/ubit\/bibug\/Berufsbild%20PV_2011.pdf\" target=\"_blank\">http:\/\/www.wko.at\/ubit\/bibug\/Berufsbild%20PV_2011.pdf<\/a><\/p>\n<p>Das Berufsbild f\u00fcr Gewerbliche Buchhalter ist abrufbar unter <a href=\"http:\/\/www.wko.at\/ubit\/bibug\/Berufsbild%20GBH_2011.pdf\" target=\"_blank\">http:\/\/www.wko.at\/ubit\/bibug\/Berufsbild%20GBH_2011.pdf<\/a><\/p>\n<p>Das Berufsbild f\u00fcr Selbst\u00e4ndige Buchhalter ist abrufbar unter <a href=\"http:\/\/www.wko.at\/ubit\/bibug\/Berufsbild%20SBH_2011.pdf\" target=\"_blank\">http:\/\/www.wko.at\/ubit\/bibug\/Berufsbild%20SBH_2011.pdf<\/a><\/p>\n<p>&nbsp;<\/p>\n","protected":false},"excerpt":{"rendered":"<p>Bundesverband der \u00f6sterreichischen Bilanzbuchhalter Der \u00f6sterreichische Bundesverband der Bilanzbuchhalter wurde im Jahre 1989 gegr\u00fcndet. Ordentliche Mitglieder sind \u00fcber 5600 der einzelnen Bundesl\u00e4nderklubs und ca. 1700 au\u00dferordentliche Mitglieder. Berufsaussichten f\u00fcr Bilanzbuchhalter Die gute Verwertbarkeit des breiten Fachwissens der Bilanzbuchhalter, auf Basis von fundierter Theorie und umfangreicher Praxis, machen sie zu gesuchten Fach- und F\u00fchrungskr\u00e4ften. Ihre vielseitige [&hellip;]<\/p>\n","protected":false},"author":1,"featured_media":0,"parent":62,"menu_order":0,"comment_status":"closed","ping_status":"closed","template":"","meta":{"footnotes":""},"class_list":["post-77","page","type-page","status-publish","hentry"],"_links":{"self":[{"href":"https:\/\/emaa.de\/index.php?rest_route=\/wp\/v2\/pages\/77","targetHints":{"allow":["GET"]}}],"collection":[{"href":"https:\/\/emaa.de\/index.php?rest_route=\/wp\/v2\/pages"}],"about":[{"href":"https:\/\/emaa.de\/index.php?rest_route=\/wp\/v2\/types\/page"}],"author":[{"embeddable":true,"href":"https:\/\/emaa.de\/index.php?rest_route=\/wp\/v2\/users\/1"}],"replies":[{"embeddable":true,"href":"https:\/\/emaa.de\/index.php?rest_route=%2Fwp%2Fv2%2Fcomments&post=77"}],"version-history":[{"count":2,"href":"https:\/\/emaa.de\/index.php?rest_route=\/wp\/v2\/pages\/77\/revisions"}],"predecessor-version":[{"id":84,"href":"https:\/\/emaa.de\/index.php?rest_route=\/wp\/v2\/pages\/77\/revisions\/84"}],"up":[{"embeddable":true,"href":"https:\/\/emaa.de\/index.php?rest_route=\/wp\/v2\/pages\/62"}],"wp:attachment":[{"href":"https:\/\/emaa.de\/index.php?rest_route=%2Fwp%2Fv2%2Fmedia&parent=77"}],"curies":[{"name":"wp","href":"https:\/\/api.w.org\/{rel}","templated":true}]}}